{"id":1296,"date":"2021-03-14T18:28:12","date_gmt":"2021-03-14T17:28:12","guid":{"rendered":"http:\/\/fg-ius.unibas.ch\/wordpress\/?page_id=1296"},"modified":"2026-02-25T15:52:00","modified_gmt":"2026-02-25T14:52:00","slug":"ehemalige-fg-vorstandsmitglieder","status":"publish","type":"page","link":"https:\/\/fg-ius.unibas.ch\/wordpress\/struktur-der-fg\/ehemalige-fg-vorstandsmitglieder\/","title":{"rendered":"Ehemalige FG-Vorstandsmitglieder"},"content":{"rendered":"\n<p>Auf dieser Seite ist eine Liste ehemaliger Vorstandsmitglieder:innen zu finden, die ihre T\u00e4tigkeit im Vorstand beendet haben \u2013 die meisten haben in der Zwischenzeit ihr Studium abgeschlossen. Wir danken ihnen herzlich f\u00fcr ihr Engagement und ihren wertvollen Einsatz f\u00fcr die FG Ius!<\/p>\n\n\n\n<details class=\"wp-block-details is-layout-flow wp-block-details-is-layout-flow\"><summary>Pr\u00e4sidium<\/summary>\n<ul class=\"wp-block-list\">\n<li>Cyrill Chevalley<\/li>\n\n\n\n<li>Jo\u00ebl Mar\u00e9chal<\/li>\n\n\n\n<li>Pascal Notz<\/li>\n\n\n\n<li>Dilara Agg\u00fcl <\/li>\n\n\n\n<li>Raphael Brunner<\/li>\n\n\n\n<li>Maika Weidmann<\/li>\n\n\n\n<li>Daniel Kellenberger<\/li>\n\n\n\n<li>Titus Hell<\/li>\n\n\n\n<li>Lisa von Au<\/li>\n<\/ul>\n<\/details>\n\n\n\n<details class=\"wp-block-details is-layout-flow wp-block-details-is-layout-flow\"><summary>Ressort Sponsoring<\/summary>\n<ul class=\"wp-block-list\">\n<li>Pascal Notz<\/li>\n\n\n\n<li>Dilara Agg\u00fcl<\/li>\n\n\n\n<li>Timon Bischofberger<\/li>\n\n\n\n<li>Luca Scarpelli<\/li>\n\n\n\n<li>Sunniva Bed\u00f6<\/li>\n\n\n\n<li>Lena Ramacci<\/li>\n\n\n\n<li>Raphael Brunner<\/li>\n\n\n\n<li>Lavinia Frei<\/li>\n<\/ul>\n<\/details>\n\n\n\n<details class=\"wp-block-details is-layout-flow wp-block-details-is-layout-flow\"><summary>Ressort Studienvertretung<\/summary>\n<ul class=\"wp-block-list\">\n<li>Nujin Ak<\/li>\n\n\n\n<li>Caroline Stephan Roccio<\/li>\n\n\n\n<li>Cyrill Chevalley<\/li>\n\n\n\n<li>Carolin Ehrentraut<\/li>\n\n\n\n<li>Anastassia Vianin<\/li>\n<\/ul>\n<\/details>\n\n\n\n<details class=\"wp-block-details is-layout-flow wp-block-details-is-layout-flow\"><summary>Ressort Social Media &amp; Veranstaltungen<\/summary>\n<ul class=\"wp-block-list\">\n<li>Milena Bucher<\/li>\n\n\n\n<li>Anastassia Vianin<\/li>\n\n\n\n<li>Rebecca Zimmermann<\/li>\n\n\n\n<li>Robin Keller<\/li>\n\n\n\n<li>Letizia Serratore<\/li>\n\n\n\n<li>Maika Weidmann<\/li>\n\n\n\n<li>Armand Kurath<\/li>\n\n\n\n<li>Natacha Tang<\/li>\n\n\n\n<li>Colin Carter (IT &amp; Webseite)<\/li>\n<\/ul>\n<\/details>\n\n\n\n<details class=\"wp-block-details is-layout-flow wp-block-details-is-layout-flow\"><summary>Ressort Publications<\/summary>\n<ul class=\"wp-block-list\">\n<li>Timon Bischofberger<\/li>\n<\/ul>\n<\/details>\n\n\n\n<details class=\"wp-block-details is-layout-flow wp-block-details-is-layout-flow\"><summary>Ressort Finanzen<\/summary>\n<ul class=\"wp-block-list\">\n<li>Laura Neuhaus<\/li>\n\n\n\n<li>Pascal Tamm<\/li>\n<\/ul>\n<\/details>\n\n\n\n<p class=\"has-text-align-left\">Warst du ein ehemaliges Vorstandsmitglied und bist nicht aufgelistet? Dann schreib uns gerne eine E-Mail. Nach \u00dcberpr\u00fcfung deiner Angaben werden wir dich gerne auf der Website hinzuf\u00fcgen.<\/p>\n","protected":false},"excerpt":{"rendered":"<p>Auf dieser Seite ist eine Liste ehemaliger Vorstandsmitglieder:innen zu finden, die ihre T\u00e4tigkeit im Vorstand beendet haben \u2013 die meisten haben in der Zwischenzeit ihr Studium abgeschlossen. Wir danken ihnen herzlich f\u00fcr ihr Engagement und ihren wertvollen Einsatz f\u00fcr die FG Ius! Warst du ein ehemaliges Vorstandsmitglied und bist nicht aufgelistet? Dann schreib uns gerne&#8230;<\/p>\n","protected":false},"author":1,"featured_media":0,"parent":53,"menu_order":0,"comment_status":"closed","ping_status":"closed","template":"","meta":{"footnotes":""},"class_list":["post-1296","page","type-page","status-publish","hentry"],"_links":{"self":[{"href":"https:\/\/fg-ius.unibas.ch\/wordpress\/wp-json\/wp\/v2\/pages\/1296"}],"collection":[{"href":"https:\/\/fg-ius.unibas.ch\/wordpress\/wp-json\/wp\/v2\/pages"}],"about":[{"href":"https:\/\/fg-ius.unibas.ch\/wordpress\/wp-json\/wp\/v2\/types\/page"}],"author":[{"embeddable":true,"href":"https:\/\/fg-ius.unibas.ch\/wordpress\/wp-json\/wp\/v2\/users\/1"}],"replies":[{"embeddable":true,"href":"https:\/\/fg-ius.unibas.ch\/wordpress\/wp-json\/wp\/v2\/comments?post=1296"}],"version-history":[{"count":18,"href":"https:\/\/fg-ius.unibas.ch\/wordpress\/wp-json\/wp\/v2\/pages\/1296\/revisions"}],"predecessor-version":[{"id":2055,"href":"https:\/\/fg-ius.unibas.ch\/wordpress\/wp-json\/wp\/v2\/pages\/1296\/revisions\/2055"}],"up":[{"embeddable":true,"href":"https:\/\/fg-ius.unibas.ch\/wordpress\/wp-json\/wp\/v2\/pages\/53"}],"wp:attachment":[{"href":"https:\/\/fg-ius.unibas.ch\/wordpress\/wp-json\/wp\/v2\/media?parent=1296"}],"curies":[{"name":"wp","href":"https:\/\/api.w.org\/{rel}","templated":true}]}}